{"id":684,"date":"2025-02-28T10:41:23","date_gmt":"2025-02-28T09:41:23","guid":{"rendered":"https:\/\/dosserveis.com\/servicios\/"},"modified":"2025-03-04T10:08:47","modified_gmt":"2025-03-04T09:08:47","slug":"servicios","status":"publish","type":"page","link":"https:\/\/dosserveis.com\/es\/servicios\/","title":{"rendered":"Servicios"},"content":{"rendered":"\t\t<div data-elementor-type=\"wp-page\" data-elementor-id=\"684\" class=\"elementor elementor-684 elementor-162\" data-elementor-post-type=\"page\">\n\t\t\t\t<div class=\"elementor-element elementor-element-eb0438c e-con-full e-flex e-con e-parent\" data-id=\"eb0438c\" data-element_type=\"container\" data-e-type=\"container\" data-settings=\"{&quot;background_background&quot;:&quot;classic&quot;,&quot;background_motion_fx_motion_fx_scrolling&quot;:&quot;yes&quot;,&quot;background_motion_fx_translateY_effect&quot;:&quot;yes&quot;,&quot;background_motion_fx_translateY_speed&quot;:{&quot;unit&quot;:&quot;px&quot;,&quot;size&quot;:4,&quot;sizes&quot;:[]},&quot;background_motion_fx_translateY_affectedRange&quot;:{&quot;unit&quot;:&quot;%&quot;,&quot;size&quot;:&quot;&quot;,&quot;sizes&quot;:{&quot;start&quot;:0,&quot;end&quot;:100}},&quot;background_motion_fx_devices&quot;:[&quot;desktop&quot;,&quot;tablet&quot;,&quot;mobile&quot;]}\">\n\t\t\t\t<div class=\"elementor-element elementor-element-bb4c922 elementor-invisible elementor-widget elementor-widget-heading\" data-id=\"bb4c922\" data-element_type=\"widget\" data-e-type=\"widget\" data-settings=\"{&quot;_animation&quot;:&quot;fadeInDown&quot;}\" data-widget_type=\"heading.default\">\n\t\t\t\t<div class=\"elementor-widget-container\">\n\t\t\t\t\t<h1 class=\"elementor-heading-title elementor-size-default\">Servicios<\/h1>\t\t\t\t<\/div>\n\t\t\t\t<\/div>\n\t\t\t\t<\/div>\n\t\t<div class=\"elementor-element elementor-element-611efbe e-flex e-con-boxed e-con e-parent\" data-id=\"611efbe\" data-element_type=\"container\" data-e-type=\"container\">\n\t\t\t\t\t<div class=\"e-con-inner\">\n\t\t\t\t<div class=\"elementor-element elementor-element-a9094ca elementor-widget__width-initial elementor-invisible elementor-widget elementor-widget-text-editor\" data-id=\"a9094ca\" data-element_type=\"widget\" data-e-type=\"widget\" data-settings=\"{&quot;_animation&quot;:&quot;fadeIn&quot;,&quot;_animation_delay&quot;:700}\" data-widget_type=\"text-editor.default\">\n\t\t\t\t<div class=\"elementor-widget-container\">\n\t\t\t\t\t\t\t\t\t<p>Empresa dedicada <strong>al servicio de la hosteler\u00eda y al fr\u00edo comercial<\/strong> con m\u00e1s de <strong>20 a\u00f1os de experiencia<\/strong> . Dos Servicios fue fundada en 1994 por dos j\u00f3venes emprendedores que acumulaban a\u00f1os de profesionalidad en otras empresas del sector. Nuestra empresa va dirigida a los <strong>comercios hosteleros, colegios, residencias, empresas y todo lo que tenga relaci\u00f3n con la hosteler\u00eda.<\/strong>  <\/p>\t\t\t\t\t\t\t\t<\/div>\n\t\t\t\t<\/div>\n\t\t\t\t\t<\/div>\n\t\t\t\t<\/div>\n\t\t<div class=\"elementor-element elementor-element-a4c4da4 e-con-full e-flex elementor-invisible e-con e-parent\" data-id=\"a4c4da4\" data-element_type=\"container\" data-e-type=\"container\" data-settings=\"{&quot;background_background&quot;:&quot;classic&quot;,&quot;animation&quot;:&quot;fadeInUp&quot;}\">\n\t\t\t\t<div class=\"elementor-element elementor-element-17e694b elementor-widget elementor-widget-heading\" data-id=\"17e694b\" data-element_type=\"widget\" data-e-type=\"widget\" data-widget_type=\"heading.default\">\n\t\t\t\t<div class=\"elementor-widget-container\">\n\t\t\t\t\t<h3 class=\"elementor-heading-title elementor-size-default\">INSTALACI\u00d3N<\/h3>\t\t\t\t<\/div>\n\t\t\t\t<\/div>\n\t\t<div class=\"elementor-element elementor-element-8b187d2 e-flex e-con-boxed e-con e-child\" data-id=\"8b187d2\" data-element_type=\"container\" data-e-type=\"container\">\n\t\t\t\t\t<div class=\"e-con-inner\">\n\t\t<div class=\"elementor-element elementor-element-b116e71 e-con-full e-flex e-con e-child\" data-id=\"b116e71\" data-element_type=\"container\" data-e-type=\"container\">\n\t\t\t\t<div class=\"elementor-element elementor-element-ac68736 elementor-position-top elementor-invisible elementor-widget elementor-widget-image-box\" data-id=\"ac68736\" data-element_type=\"widget\" data-e-type=\"widget\" data-settings=\"{&quot;_animation&quot;:&quot;fadeIn&quot;,&quot;_animation_delay&quot;:600}\" data-widget_type=\"image-box.default\">\n\t\t\t\t<div class=\"elementor-widget-container\">\n\t\t\t\t\t<div class=\"elementor-image-box-wrapper\"><figure class=\"elementor-image-box-img\"><img fetchpriority=\"high\" decoding=\"async\" width=\"779\" height=\"525\" src=\"https:\/\/dosserveis.com\/wp-content\/uploads\/2025\/02\/2kfred-instalacio-fred-comercial.jpg\" class=\"attachment-full size-full wp-image-176\" alt=\"2kfred-instalacio-fred-comercial\" srcset=\"https:\/\/dosserveis.com\/wp-content\/uploads\/2025\/02\/2kfred-instalacio-fred-comercial.jpg 779w, https:\/\/dosserveis.com\/wp-content\/uploads\/2025\/02\/2kfred-instalacio-fred-comercial-300x202.jpg 300w, https:\/\/dosserveis.com\/wp-content\/uploads\/2025\/02\/2kfred-instalacio-fred-comercial-768x518.jpg 768w\" sizes=\"(max-width: 779px) 100vw, 779px\" \/><\/figure><div class=\"elementor-image-box-content\"><h3 class=\"elementor-image-box-title\">Fr\u00edo comercial<\/h3><p class=\"elementor-image-box-description\">Montamos c\u00e1maras de fr\u00edo de todo tipo y de cualquier tama\u00f1o. Realizamos un estudio previo de la instalaci\u00f3n, con presupuestos de antemano en caso de solicitarlo, de la forma que m\u00e1s se adapte al cliente. \n<\/p><\/div><\/div>\t\t\t\t<\/div>\n\t\t\t\t<\/div>\n\t\t\t\t<\/div>\n\t\t<div class=\"elementor-element elementor-element-3b37cca e-con-full e-flex e-con e-child\" data-id=\"3b37cca\" data-element_type=\"container\" data-e-type=\"container\">\n\t\t\t\t<div class=\"elementor-element elementor-element-f6d68c0 elementor-position-top elementor-invisible elementor-widget elementor-widget-image-box\" data-id=\"f6d68c0\" data-element_type=\"widget\" data-e-type=\"widget\" data-settings=\"{&quot;_animation&quot;:&quot;fadeIn&quot;,&quot;_animation_delay&quot;:800}\" data-widget_type=\"image-box.default\">\n\t\t\t\t<div class=\"elementor-widget-container\">\n\t\t\t\t\t<div class=\"elementor-image-box-wrapper\"><figure class=\"elementor-image-box-img\"><img decoding=\"async\" width=\"790\" height=\"521\" src=\"https:\/\/dosserveis.com\/wp-content\/uploads\/2025\/02\/2kfred-instalacio-gas-i-aigua.jpg\" class=\"attachment-full size-full wp-image-175\" alt=\"2kfred-instalacio-gas-i-aigua\" srcset=\"https:\/\/dosserveis.com\/wp-content\/uploads\/2025\/02\/2kfred-instalacio-gas-i-aigua.jpg 790w, https:\/\/dosserveis.com\/wp-content\/uploads\/2025\/02\/2kfred-instalacio-gas-i-aigua-300x198.jpg 300w, https:\/\/dosserveis.com\/wp-content\/uploads\/2025\/02\/2kfred-instalacio-gas-i-aigua-768x506.jpg 768w\" sizes=\"(max-width: 790px) 100vw, 790px\" \/><\/figure><div class=\"elementor-image-box-content\"><h3 class=\"elementor-image-box-title\">Gas y agua<\/h3><p class=\"elementor-image-box-description\">Disponemos de operarios propios para realizar todo tipo de instalaciones de gas y agua. De esta forma se pueden hacer funcionar las m\u00e1quinas que el cliente desee instalar, por ejemplo, en cocinas y zonas de lavado. \n<\/p><\/div><\/div>\t\t\t\t<\/div>\n\t\t\t\t<\/div>\n\t\t\t\t<\/div>\n\t\t<div class=\"elementor-element elementor-element-101b03d e-con-full e-flex e-con e-child\" data-id=\"101b03d\" data-element_type=\"container\" data-e-type=\"container\">\n\t\t\t\t<div class=\"elementor-element elementor-element-cfa5a0f elementor-position-top elementor-invisible elementor-widget elementor-widget-image-box\" data-id=\"cfa5a0f\" data-element_type=\"widget\" data-e-type=\"widget\" data-settings=\"{&quot;_animation&quot;:&quot;fadeIn&quot;,&quot;_animation_delay&quot;:1000}\" data-widget_type=\"image-box.default\">\n\t\t\t\t<div class=\"elementor-widget-container\">\n\t\t\t\t\t<div class=\"elementor-image-box-wrapper\"><figure class=\"elementor-image-box-img\"><img fetchpriority=\"high\" decoding=\"async\" width=\"779\" height=\"525\" src=\"https:\/\/dosserveis.com\/wp-content\/uploads\/2025\/02\/2kfred-instalacio-fred-comercial.jpg\" class=\"attachment-full size-full wp-image-176\" alt=\"2kfred-instalacio-fred-comercial\" srcset=\"https:\/\/dosserveis.com\/wp-content\/uploads\/2025\/02\/2kfred-instalacio-fred-comercial.jpg 779w, https:\/\/dosserveis.com\/wp-content\/uploads\/2025\/02\/2kfred-instalacio-fred-comercial-300x202.jpg 300w, https:\/\/dosserveis.com\/wp-content\/uploads\/2025\/02\/2kfred-instalacio-fred-comercial-768x518.jpg 768w\" sizes=\"(max-width: 779px) 100vw, 779px\" \/><\/figure><div class=\"elementor-image-box-content\"><h3 class=\"elementor-image-box-title\">Aire acondicionado<\/h3><p class=\"elementor-image-box-description\">Realizamos todo tipo de instalaciones de aire acondicionado (splits, casetas, conductos, etc.) con un presupuesto previo para el cliente y una gran variedad de marcas y tipos de instalaciones.\n<\/p><\/div><\/div>\t\t\t\t<\/div>\n\t\t\t\t<\/div>\n\t\t\t\t<\/div>\n\t\t\t\t\t<\/div>\n\t\t\t\t<\/div>\n\t\t\t\t<\/div>\n\t\t<div class=\"elementor-element elementor-element-804460c e-con-full e-flex e-con e-parent\" data-id=\"804460c\" data-element_type=\"container\" data-e-type=\"container\" data-settings=\"{&quot;background_background&quot;:&quot;classic&quot;}\">\n\t\t\t\t<div class=\"elementor-element elementor-element-4fcd878 elementor-invisible elementor-widget elementor-widget-heading\" data-id=\"4fcd878\" data-element_type=\"widget\" data-e-type=\"widget\" data-settings=\"{&quot;_animation&quot;:&quot;fadeIn&quot;}\" data-widget_type=\"heading.default\">\n\t\t\t\t<div class=\"elementor-widget-container\">\n\t\t\t\t\t<h2 class=\"elementor-heading-title elementor-size-default\">MAQUINARIA<\/h2>\t\t\t\t<\/div>\n\t\t\t\t<\/div>\n\t\t<div class=\"elementor-element elementor-element-661a39f e-con-full e-flex e-con e-child\" data-id=\"661a39f\" data-element_type=\"container\" data-e-type=\"container\">\n\t\t<div class=\"elementor-element elementor-element-af79e55 e-con-full e-flex e-con e-child\" data-id=\"af79e55\" data-element_type=\"container\" data-e-type=\"container\">\n\t\t\t\t<div class=\"elementor-element elementor-element-a384985 elementor-widget elementor-widget-image\" data-id=\"a384985\" data-element_type=\"widget\" data-e-type=\"widget\" data-settings=\"{&quot;motion_fx_motion_fx_scrolling&quot;:&quot;yes&quot;,&quot;motion_fx_rotateZ_effect&quot;:&quot;yes&quot;,&quot;motion_fx_rotateZ_speed&quot;:{&quot;unit&quot;:&quot;px&quot;,&quot;size&quot;:2,&quot;sizes&quot;:[]},&quot;motion_fx_rotateZ_affectedRange&quot;:{&quot;unit&quot;:&quot;%&quot;,&quot;size&quot;:&quot;&quot;,&quot;sizes&quot;:{&quot;start&quot;:0,&quot;end&quot;:100}},&quot;motion_fx_devices&quot;:[&quot;desktop&quot;,&quot;tablet&quot;,&quot;mobile&quot;]}\" data-widget_type=\"image.default\">\n\t\t\t\t<div class=\"elementor-widget-container\">\n\t\t\t\t\t\t\t\t\t\t\t\t\t\t\t<img decoding=\"async\" width=\"572\" height=\"564\" src=\"https:\/\/dosserveis.com\/wp-content\/uploads\/2025\/02\/2kfred-roda-1.webp\" class=\"attachment-full size-full wp-image-635\" alt=\"2kfred-roda-1\" srcset=\"https:\/\/dosserveis.com\/wp-content\/uploads\/2025\/02\/2kfred-roda-1.webp 572w, https:\/\/dosserveis.com\/wp-content\/uploads\/2025\/02\/2kfred-roda-1-300x296.webp 300w\" sizes=\"(max-width: 572px) 100vw, 572px\" \/>\t\t\t\t\t\t\t\t\t\t\t\t\t\t\t<\/div>\n\t\t\t\t<\/div>\n\t\t\t\t<\/div>\n\t\t<div class=\"elementor-element elementor-element-5dbdcf1 e-con-full e-flex e-con e-child\" data-id=\"5dbdcf1\" data-element_type=\"container\" data-e-type=\"container\">\n\t\t\t\t<\/div>\n\t\t\t\t<\/div>\n\t\t<div class=\"elementor-element elementor-element-059cb78 e-con-full e-flex e-con e-child\" data-id=\"059cb78\" data-element_type=\"container\" data-e-type=\"container\">\n\t\t<div class=\"elementor-element elementor-element-229ea3d e-con-full animated-slow e-flex elementor-invisible e-con e-child\" data-id=\"229ea3d\" data-element_type=\"container\" data-e-type=\"container\" data-settings=\"{&quot;background_background&quot;:&quot;classic&quot;,&quot;animation&quot;:&quot;zoomIn&quot;,&quot;animation_delay&quot;:500}\">\n\t\t\t\t<div class=\"elementor-element elementor-element-fdc52c0 elementor-invisible elementor-widget elementor-widget-heading\" data-id=\"fdc52c0\" data-element_type=\"widget\" data-e-type=\"widget\" data-settings=\"{&quot;_animation&quot;:&quot;fadeInUp&quot;}\" data-widget_type=\"heading.default\">\n\t\t\t\t<div class=\"elementor-widget-container\">\n\t\t\t\t\t<h4 class=\"elementor-heading-title elementor-size-default\">COMPRA<\/h4>\t\t\t\t<\/div>\n\t\t\t\t<\/div>\n\t\t\t\t<div class=\"elementor-element elementor-element-19ce2c4 elementor-widget__width-initial elementor-invisible elementor-widget elementor-widget-text-editor\" data-id=\"19ce2c4\" data-element_type=\"widget\" data-e-type=\"widget\" data-settings=\"{&quot;_animation&quot;:&quot;fadeIn&quot;,&quot;_animation_delay&quot;:700}\" data-widget_type=\"text-editor.default\">\n\t\t\t\t<div class=\"elementor-widget-container\">\n\t\t\t\t\t\t\t\t\t<p>Vendemos todo tipo de maquinaria de hosteler\u00eda, lavavajillas, hornos, freidoras, vitrinas, cubiteras, neveras, armarios, etc.<\/p>\t\t\t\t\t\t\t\t<\/div>\n\t\t\t\t<\/div>\n\t\t\t\t<\/div>\n\t\t<div class=\"elementor-element elementor-element-ceebde6 e-con-full animated-slow e-flex elementor-invisible e-con e-child\" data-id=\"ceebde6\" data-element_type=\"container\" data-e-type=\"container\" data-settings=\"{&quot;background_background&quot;:&quot;classic&quot;,&quot;animation&quot;:&quot;zoomIn&quot;,&quot;animation_delay&quot;:700}\">\n\t\t\t\t<div class=\"elementor-element elementor-element-b1ef7d7 elementor-invisible elementor-widget elementor-widget-heading\" data-id=\"b1ef7d7\" data-element_type=\"widget\" data-e-type=\"widget\" data-settings=\"{&quot;_animation&quot;:&quot;fadeInUp&quot;}\" data-widget_type=\"heading.default\">\n\t\t\t\t<div class=\"elementor-widget-container\">\n\t\t\t\t\t<h4 class=\"elementor-heading-title elementor-size-default\">ALQUILER<\/h4>\t\t\t\t<\/div>\n\t\t\t\t<\/div>\n\t\t\t\t<div class=\"elementor-element elementor-element-7782dde elementor-widget__width-initial elementor-invisible elementor-widget elementor-widget-text-editor\" data-id=\"7782dde\" data-element_type=\"widget\" data-e-type=\"widget\" data-settings=\"{&quot;_animation&quot;:&quot;fadeIn&quot;,&quot;_animation_delay&quot;:700}\" data-widget_type=\"text-editor.default\">\n\t\t\t\t<div class=\"elementor-widget-container\">\n\t\t\t\t\t\t\t\t\t<p>Disponemos de todo tipo de maquinaria para alquilar. Si el cliente necesita maquinaria para un evento (fiesta, boda, catering, etc.) podemos alquilar todo tipo de m\u00e1quinas. <\/p>\t\t\t\t\t\t\t\t<\/div>\n\t\t\t\t<\/div>\n\t\t\t\t<\/div>\n\t\t\t\t<\/div>\n\t\t<div class=\"elementor-element elementor-element-c69dd97 e-con-full e-flex e-con e-child\" data-id=\"c69dd97\" data-element_type=\"container\" data-e-type=\"container\">\n\t\t<div class=\"elementor-element elementor-element-bd9d9ee e-con-full animated-slow e-flex elementor-invisible e-con e-child\" data-id=\"bd9d9ee\" data-element_type=\"container\" data-e-type=\"container\" data-settings=\"{&quot;background_background&quot;:&quot;classic&quot;,&quot;animation&quot;:&quot;zoomIn&quot;,&quot;animation_delay&quot;:500}\">\n\t\t\t\t<div class=\"elementor-element elementor-element-cdd04ee elementor-invisible elementor-widget elementor-widget-heading\" data-id=\"cdd04ee\" data-element_type=\"widget\" data-e-type=\"widget\" data-settings=\"{&quot;_animation&quot;:&quot;fadeInUp&quot;}\" data-widget_type=\"heading.default\">\n\t\t\t\t<div class=\"elementor-widget-container\">\n\t\t\t\t\t<h4 class=\"elementor-heading-title elementor-size-default\">LIMPIEZA<\/h4>\t\t\t\t<\/div>\n\t\t\t\t<\/div>\n\t\t\t\t<div class=\"elementor-element elementor-element-0121146 elementor-widget__width-initial elementor-invisible elementor-widget elementor-widget-text-editor\" data-id=\"0121146\" data-element_type=\"widget\" data-e-type=\"widget\" data-settings=\"{&quot;_animation&quot;:&quot;fadeIn&quot;,&quot;_animation_delay&quot;:700}\" data-widget_type=\"text-editor.default\">\n\t\t\t\t<div class=\"elementor-widget-container\">\n\t\t\t\t\t\t\t\t\t<p>Ofrecemos un completo servicio de limpieza de todo tipo de maquinaria de hosteler\u00eda y fr\u00edo para poder trabajar en las mejores condiciones y ofrecer el mejor servicio.<\/p>\t\t\t\t\t\t\t\t<\/div>\n\t\t\t\t<\/div>\n\t\t\t\t<\/div>\n\t\t<div class=\"elementor-element elementor-element-bdebcde e-con-full animated-slow e-flex elementor-invisible e-con e-child\" data-id=\"bdebcde\" data-element_type=\"container\" data-e-type=\"container\" data-settings=\"{&quot;background_background&quot;:&quot;classic&quot;,&quot;animation&quot;:&quot;zoomIn&quot;,&quot;animation_delay&quot;:700}\">\n\t\t\t\t<div class=\"elementor-element elementor-element-8638923 elementor-invisible elementor-widget elementor-widget-heading\" data-id=\"8638923\" data-element_type=\"widget\" data-e-type=\"widget\" data-settings=\"{&quot;_animation&quot;:&quot;fadeInUp&quot;}\" data-widget_type=\"heading.default\">\n\t\t\t\t<div class=\"elementor-widget-container\">\n\t\t\t\t\t<h4 class=\"elementor-heading-title elementor-size-default\">REPARACI\u00d3N<\/h4>\t\t\t\t<\/div>\n\t\t\t\t<\/div>\n\t\t\t\t<div class=\"elementor-element elementor-element-4341fb0 elementor-widget__width-initial elementor-invisible elementor-widget elementor-widget-text-editor\" data-id=\"4341fb0\" data-element_type=\"widget\" data-e-type=\"widget\" data-settings=\"{&quot;_animation&quot;:&quot;fadeIn&quot;,&quot;_animation_delay&quot;:700}\" data-widget_type=\"text-editor.default\">\n\t\t\t\t<div class=\"elementor-widget-container\">\n\t\t\t\t\t\t\t\t\t<p>Tambi\u00e9n, reparamos todo tipo de maquinaria. Realizamos reparaciones de todo lo relacionado con el fr\u00edo, y desde la m\u00e1quina m\u00e1s peque\u00f1a. <\/p>\t\t\t\t\t\t\t\t<\/div>\n\t\t\t\t<\/div>\n\t\t\t\t<\/div>\n\t\t\t\t<\/div>\n\t\t\t\t<\/div>\n\t\t<div class=\"elementor-element elementor-element-9546b0f e-con-full e-flex elementor-invisible e-con e-parent\" data-id=\"9546b0f\" data-element_type=\"container\" data-e-type=\"container\" data-settings=\"{&quot;background_background&quot;:&quot;classic&quot;,&quot;animation&quot;:&quot;fadeInUp&quot;}\">\n\t\t<div class=\"elementor-element elementor-element-c2a013f e-con-full e-flex e-con e-child\" data-id=\"c2a013f\" data-element_type=\"container\" data-e-type=\"container\">\n\t\t\t\t<div class=\"elementor-element elementor-element-76fba3b elementor-widget elementor-widget-heading\" data-id=\"76fba3b\" data-element_type=\"widget\" data-e-type=\"widget\" data-widget_type=\"heading.default\">\n\t\t\t\t<div class=\"elementor-widget-container\">\n\t\t\t\t\t<h4 class=\"elementor-heading-title elementor-size-default\">AULA DE COCINA<\/h4>\t\t\t\t<\/div>\n\t\t\t\t<\/div>\n\t\t\t\t<div class=\"elementor-element elementor-element-8e465a7 elementor-invisible elementor-widget elementor-widget-text-editor\" data-id=\"8e465a7\" data-element_type=\"widget\" data-e-type=\"widget\" data-settings=\"{&quot;_animation&quot;:&quot;fadeIn&quot;,&quot;_animation_delay&quot;:600}\" data-widget_type=\"text-editor.default\">\n\t\t\t\t<div class=\"elementor-widget-container\">\n\t\t\t\t\t\t\t\t\t<p>Disponemos de un aula de cocina profesional para mostrar todas las posibilidades que ofrece nuestra maquinaria relacionada con el mundo de la hosteler\u00eda. Ofrecemos cursos gastron\u00f3micos cuya finalidad es ense\u00f1ar las t\u00e9cnicas y m\u00e1quinas. Ap\u00fantate y prueba en primera persona, los deliciosos resultados. Visita nuestras instalaciones y observa con tus propios ojos todo lo que puede llegar a elaborarse con las mejores herramientas culinarias. La suma de distintas disciplinas del conocimiento aplicada a la ingenier\u00eda culinaria para servir a la mejor gastronom\u00eda.    <\/p>\t\t\t\t\t\t\t\t<\/div>\n\t\t\t\t<\/div>\n\t\t\t\t<div class=\"elementor-element elementor-element-8ed37a0 elementor-widget-divider--view-line elementor-widget elementor-widget-divider\" data-id=\"8ed37a0\" data-element_type=\"widget\" data-e-type=\"widget\" data-widget_type=\"divider.default\">\n\t\t\t\t<div class=\"elementor-widget-container\">\n\t\t\t\t\t\t\t<div class=\"elementor-divider\">\n\t\t\t<span class=\"elementor-divider-separator\">\n\t\t\t\t\t\t<\/span>\n\t\t<\/div>\n\t\t\t\t\t\t<\/div>\n\t\t\t\t<\/div>\n\t\t\t\t<div class=\"elementor-element elementor-element-f26081c elementor-widget elementor-widget-text-editor\" data-id=\"f26081c\" data-element_type=\"widget\" data-e-type=\"widget\" data-widget_type=\"text-editor.default\">\n\t\t\t\t<div class=\"elementor-widget-container\">\n\t\t\t\t\t\t\t\t\t<p>\u00bfQuieres m\u00e1s informaci\u00f3n?<\/p>\t\t\t\t\t\t\t\t<\/div>\n\t\t\t\t<\/div>\n\t\t\t\t<div class=\"elementor-element elementor-element-d1b9e3e elementor-mobile-align-center elementor-invisible elementor-widget elementor-widget-button\" data-id=\"d1b9e3e\" data-element_type=\"widget\" data-e-type=\"widget\" data-settings=\"{&quot;_animation&quot;:&quot;fadeInUp&quot;,&quot;_animation_delay&quot;:600}\" data-widget_type=\"button.default\">\n\t\t\t\t<div class=\"elementor-widget-container\">\n\t\t\t\t\t\t\t\t\t<div class=\"elementor-button-wrapper\">\n\t\t\t\t\t<a class=\"elementor-button elementor-button-link elementor-size-sm\" href=\"https:\/\/dosserveis.com\/es\/contacto\/\">\n\t\t\t\t\t\t<span class=\"elementor-button-content-wrapper\">\n\t\t\t\t\t\t\t\t\t<span class=\"elementor-button-text\">Contacto<\/span>\n\t\t\t\t\t<\/span>\n\t\t\t\t\t<\/a>\n\t\t\t\t<\/div>\n\t\t\t\t\t\t\t\t<\/div>\n\t\t\t\t<\/div>\n\t\t\t\t<div class=\"elementor-element elementor-element-5d4e9cb elementor-absolute elementor-widget elementor-widget-image\" data-id=\"5d4e9cb\" data-element_type=\"widget\" data-e-type=\"widget\" data-settings=\"{&quot;motion_fx_motion_fx_scrolling&quot;:&quot;yes&quot;,&quot;motion_fx_rotateZ_effect&quot;:&quot;yes&quot;,&quot;motion_fx_rotateZ_speed&quot;:{&quot;unit&quot;:&quot;px&quot;,&quot;size&quot;:2,&quot;sizes&quot;:[]},&quot;_position&quot;:&quot;absolute&quot;,&quot;motion_fx_rotateZ_affectedRange&quot;:{&quot;unit&quot;:&quot;%&quot;,&quot;size&quot;:&quot;&quot;,&quot;sizes&quot;:{&quot;start&quot;:0,&quot;end&quot;:100}},&quot;motion_fx_devices&quot;:[&quot;desktop&quot;,&quot;tablet&quot;,&quot;mobile&quot;]}\" data-widget_type=\"image.default\">\n\t\t\t\t<div class=\"elementor-widget-container\">\n\t\t\t\t\t\t\t\t\t\t\t\t\t\t\t<img loading=\"lazy\" decoding=\"async\" width=\"1392\" height=\"1371\" src=\"https:\/\/dosserveis.com\/wp-content\/uploads\/2025\/02\/roda-blanca.webp\" class=\"attachment-full size-full wp-image-650\" alt=\"roda-blanca\" srcset=\"https:\/\/dosserveis.com\/wp-content\/uploads\/2025\/02\/roda-blanca.webp 1392w, https:\/\/dosserveis.com\/wp-content\/uploads\/2025\/02\/roda-blanca-300x295.webp 300w, https:\/\/dosserveis.com\/wp-content\/uploads\/2025\/02\/roda-blanca-1024x1009.webp 1024w, https:\/\/dosserveis.com\/wp-content\/uploads\/2025\/02\/roda-blanca-768x756.webp 768w\" sizes=\"(max-width: 1392px) 100vw, 1392px\" \/>\t\t\t\t\t\t\t\t\t\t\t\t\t\t\t<\/div>\n\t\t\t\t<\/div>\n\t\t\t\t<\/div>\n\t\t<div class=\"elementor-element elementor-element-f61d8f4 e-con-full e-flex e-con e-child\" data-id=\"f61d8f4\" data-element_type=\"container\" data-e-type=\"container\">\n\t\t\t\t<div class=\"elementor-element elementor-element-37ea0b6 animated-slow elementor-invisible elementor-widget elementor-widget-image\" data-id=\"37ea0b6\" data-element_type=\"widget\" data-e-type=\"widget\" data-settings=\"{&quot;_animation&quot;:&quot;fadeInRight&quot;,&quot;_animation_delay&quot;:600}\" data-widget_type=\"image.default\">\n\t\t\t\t<div class=\"elementor-widget-container\">\n\t\t\t\t\t\t\t\t\t\t\t\t\t\t\t<img loading=\"lazy\" decoding=\"async\" width=\"1560\" height=\"1170\" src=\"https:\/\/dosserveis.com\/wp-content\/uploads\/2025\/02\/2kfred-aula-de-cuina.jpg\" class=\"attachment-full size-full wp-image-636\" alt=\"2kfred-aula-de-cuina\" srcset=\"https:\/\/dosserveis.com\/wp-content\/uploads\/2025\/02\/2kfred-aula-de-cuina.jpg 1560w, https:\/\/dosserveis.com\/wp-content\/uploads\/2025\/02\/2kfred-aula-de-cuina-300x225.jpg 300w, https:\/\/dosserveis.com\/wp-content\/uploads\/2025\/02\/2kfred-aula-de-cuina-1024x768.jpg 1024w, https:\/\/dosserveis.com\/wp-content\/uploads\/2025\/02\/2kfred-aula-de-cuina-768x576.jpg 768w, https:\/\/dosserveis.com\/wp-content\/uploads\/2025\/02\/2kfred-aula-de-cuina-1536x1152.jpg 1536w\" sizes=\"(max-width: 1560px) 100vw, 1560px\" \/>\t\t\t\t\t\t\t\t\t\t\t\t\t\t\t<\/div>\n\t\t\t\t<\/div>\n\t\t\t\t<\/div>\n\t\t\t\t<\/div>\n\t\t\t\t<\/div>\n\t\t","protected":false},"excerpt":{"rendered":"<p>Servicios Empresa dedicada al servicio de la hosteler\u00eda y al fr\u00edo comercial con m\u00e1s de 20 a\u00f1os de experiencia . Dos Servicios fue fundada en 1994 por dos j\u00f3venes emprendedores que acumulaban a\u00f1os de profesionalidad en otras empresas del sector. Nuestra empresa va dirigida a los comercios hosteleros, colegios, residencias, empresas y todo lo que [&hellip;]<\/p>\n","protected":false},"author":1,"featured_media":624,"parent":0,"menu_order":0,"comment_status":"closed","ping_status":"closed","template":"elementor_header_footer","meta":{"footnotes":""},"class_list":["post-684","page","type-page","status-publish","has-post-thumbnail","hentry"],"yoast_head":"<!-- This site is optimized with the Yoast SEO plugin v27.5 - https:\/\/yoast.com\/product\/yoast-seo-wordpress\/ -->\n<title>Servicios hosteler\u00eda y fr\u00edo comercial - Dos Serveis<\/title>\n<meta name=\"description\" content=\"Descubre los servicios de Dos Serveis en hosteler\u00eda y fr\u00edo comercial. M\u00e1s de 20 a\u00f1os de experiencia ofreciendo soluciones profesionales.\" \/>\n<meta name=\"robots\" content=\"index, follow, max-snippet:-1, max-image-preview:large, max-video-preview:-1\" \/>\n<link rel=\"canonical\" href=\"https:\/\/dosserveis.com\/es\/servicios\/\" \/>\n<meta property=\"og:locale\" content=\"es_ES\" \/>\n<meta property=\"og:type\" content=\"article\" \/>\n<meta property=\"og:title\" content=\"Servicios hosteler\u00eda y fr\u00edo comercial - Dos Serveis\" \/>\n<meta property=\"og:description\" content=\"Descubre los servicios de Dos Serveis en hosteler\u00eda y fr\u00edo comercial. M\u00e1s de 20 a\u00f1os de experiencia ofreciendo soluciones profesionales.\" \/>\n<meta property=\"og:url\" content=\"https:\/\/dosserveis.com\/es\/servicios\/\" \/>\n<meta property=\"og:site_name\" content=\"Dos Serveis\" \/>\n<meta property=\"article:modified_time\" content=\"2025-03-04T09:08:47+00:00\" \/>\n<meta property=\"og:image\" content=\"https:\/\/dosserveis.com\/wp-content\/uploads\/2025\/02\/serveis.jpg\" \/>\n\t<meta property=\"og:image:width\" content=\"2000\" \/>\n\t<meta property=\"og:image:height\" content=\"1325\" \/>\n\t<meta property=\"og:image:type\" content=\"image\/jpeg\" \/>\n<meta name=\"twitter:card\" content=\"summary_large_image\" \/>\n<meta name=\"twitter:label1\" content=\"Tiempo de lectura\" \/>\n\t<meta name=\"twitter:data1\" content=\"2 minutos\" \/>\n<script type=\"application\/ld+json\" class=\"yoast-schema-graph\">{\"@context\":\"https:\\\/\\\/schema.org\",\"@graph\":[{\"@type\":\"WebPage\",\"@id\":\"https:\\\/\\\/dosserveis.com\\\/es\\\/servicios\\\/\",\"url\":\"https:\\\/\\\/dosserveis.com\\\/es\\\/servicios\\\/\",\"name\":\"Servicios hosteler\u00eda y fr\u00edo comercial - Dos Serveis\",\"isPartOf\":{\"@id\":\"https:\\\/\\\/dosserveis.com\\\/#website\"},\"primaryImageOfPage\":{\"@id\":\"https:\\\/\\\/dosserveis.com\\\/es\\\/servicios\\\/#primaryimage\"},\"image\":{\"@id\":\"https:\\\/\\\/dosserveis.com\\\/es\\\/servicios\\\/#primaryimage\"},\"thumbnailUrl\":\"https:\\\/\\\/dosserveis.com\\\/wp-content\\\/uploads\\\/2025\\\/02\\\/serveis.jpg\",\"datePublished\":\"2025-02-28T09:41:23+00:00\",\"dateModified\":\"2025-03-04T09:08:47+00:00\",\"description\":\"Descubre los servicios de Dos Serveis en hosteler\u00eda y fr\u00edo comercial. M\u00e1s de 20 a\u00f1os de experiencia ofreciendo soluciones profesionales.\",\"breadcrumb\":{\"@id\":\"https:\\\/\\\/dosserveis.com\\\/es\\\/servicios\\\/#breadcrumb\"},\"inLanguage\":\"es\",\"potentialAction\":[{\"@type\":\"ReadAction\",\"target\":[\"https:\\\/\\\/dosserveis.com\\\/es\\\/servicios\\\/\"]}]},{\"@type\":\"ImageObject\",\"inLanguage\":\"es\",\"@id\":\"https:\\\/\\\/dosserveis.com\\\/es\\\/servicios\\\/#primaryimage\",\"url\":\"https:\\\/\\\/dosserveis.com\\\/wp-content\\\/uploads\\\/2025\\\/02\\\/serveis.jpg\",\"contentUrl\":\"https:\\\/\\\/dosserveis.com\\\/wp-content\\\/uploads\\\/2025\\\/02\\\/serveis.jpg\",\"width\":2000,\"height\":1325,\"caption\":\"serveis\"},{\"@type\":\"BreadcrumbList\",\"@id\":\"https:\\\/\\\/dosserveis.com\\\/es\\\/servicios\\\/#breadcrumb\",\"itemListElement\":[{\"@type\":\"ListItem\",\"position\":1,\"name\":\"Inici\",\"item\":\"https:\\\/\\\/dosserveis.com\\\/es\\\/inicio\\\/\"},{\"@type\":\"ListItem\",\"position\":2,\"name\":\"Servicios\"}]},{\"@type\":\"WebSite\",\"@id\":\"https:\\\/\\\/dosserveis.com\\\/#website\",\"url\":\"https:\\\/\\\/dosserveis.com\\\/\",\"name\":\"Dos Serveis\",\"description\":\"Empresa dedicada al servei de l\u2019hostaleria i al fred comercial amb m\u00e9s de 20 anys d\u2019experi\u00e8ncia. Dos Serveis\u00a0va ser fundada l\u2019any\u00a01994 per dos joves emprenedors que\u00a0acumulaven\u00a0anys de professionalitat\u00a0en altres\u00a0empreses del sector.\u00a0La nostra empresa va dirigida als comer\u00e7os hostalers, col\u00b7legis, resid\u00e8ncies, empreses i tot el que tingui relaci\u00f3\u00a0amb l\u2019hostaleria.\",\"publisher\":{\"@id\":\"https:\\\/\\\/dosserveis.com\\\/#organization\"},\"potentialAction\":[{\"@type\":\"SearchAction\",\"target\":{\"@type\":\"EntryPoint\",\"urlTemplate\":\"https:\\\/\\\/dosserveis.com\\\/?s={search_term_string}\"},\"query-input\":{\"@type\":\"PropertyValueSpecification\",\"valueRequired\":true,\"valueName\":\"search_term_string\"}}],\"inLanguage\":\"es\"},{\"@type\":\"Organization\",\"@id\":\"https:\\\/\\\/dosserveis.com\\\/#organization\",\"name\":\"Dos Serveis\",\"url\":\"https:\\\/\\\/dosserveis.com\\\/\",\"logo\":{\"@type\":\"ImageObject\",\"inLanguage\":\"es\",\"@id\":\"https:\\\/\\\/dosserveis.com\\\/#\\\/schema\\\/logo\\\/image\\\/\",\"url\":\"https:\\\/\\\/dosserveis.com\\\/wp-content\\\/uploads\\\/2025\\\/02\\\/doserveis.png\",\"contentUrl\":\"https:\\\/\\\/dosserveis.com\\\/wp-content\\\/uploads\\\/2025\\\/02\\\/doserveis.png\",\"width\":156,\"height\":132,\"caption\":\"Dos Serveis\"},\"image\":{\"@id\":\"https:\\\/\\\/dosserveis.com\\\/#\\\/schema\\\/logo\\\/image\\\/\"},\"sameAs\":[\"https:\\\/\\\/www.instagram.com\\\/dosserveisolot\\\/\"]}]}<\/script>\n<!-- \/ Yoast SEO plugin. -->","yoast_head_json":{"title":"Servicios hosteler\u00eda y fr\u00edo comercial - Dos Serveis","description":"Descubre los servicios de Dos Serveis en hosteler\u00eda y fr\u00edo comercial. M\u00e1s de 20 a\u00f1os de experiencia ofreciendo soluciones profesionales.","robots":{"index":"index","follow":"follow","max-snippet":"max-snippet:-1","max-image-preview":"max-image-preview:large","max-video-preview":"max-video-preview:-1"},"canonical":"https:\/\/dosserveis.com\/es\/servicios\/","og_locale":"es_ES","og_type":"article","og_title":"Servicios hosteler\u00eda y fr\u00edo comercial - Dos Serveis","og_description":"Descubre los servicios de Dos Serveis en hosteler\u00eda y fr\u00edo comercial. M\u00e1s de 20 a\u00f1os de experiencia ofreciendo soluciones profesionales.","og_url":"https:\/\/dosserveis.com\/es\/servicios\/","og_site_name":"Dos Serveis","article_modified_time":"2025-03-04T09:08:47+00:00","og_image":[{"width":2000,"height":1325,"url":"https:\/\/dosserveis.com\/wp-content\/uploads\/2025\/02\/serveis.jpg","type":"image\/jpeg"}],"twitter_card":"summary_large_image","twitter_misc":{"Tiempo de lectura":"2 minutos"},"schema":{"@context":"https:\/\/schema.org","@graph":[{"@type":"WebPage","@id":"https:\/\/dosserveis.com\/es\/servicios\/","url":"https:\/\/dosserveis.com\/es\/servicios\/","name":"Servicios hosteler\u00eda y fr\u00edo comercial - Dos Serveis","isPartOf":{"@id":"https:\/\/dosserveis.com\/#website"},"primaryImageOfPage":{"@id":"https:\/\/dosserveis.com\/es\/servicios\/#primaryimage"},"image":{"@id":"https:\/\/dosserveis.com\/es\/servicios\/#primaryimage"},"thumbnailUrl":"https:\/\/dosserveis.com\/wp-content\/uploads\/2025\/02\/serveis.jpg","datePublished":"2025-02-28T09:41:23+00:00","dateModified":"2025-03-04T09:08:47+00:00","description":"Descubre los servicios de Dos Serveis en hosteler\u00eda y fr\u00edo comercial. M\u00e1s de 20 a\u00f1os de experiencia ofreciendo soluciones profesionales.","breadcrumb":{"@id":"https:\/\/dosserveis.com\/es\/servicios\/#breadcrumb"},"inLanguage":"es","potentialAction":[{"@type":"ReadAction","target":["https:\/\/dosserveis.com\/es\/servicios\/"]}]},{"@type":"ImageObject","inLanguage":"es","@id":"https:\/\/dosserveis.com\/es\/servicios\/#primaryimage","url":"https:\/\/dosserveis.com\/wp-content\/uploads\/2025\/02\/serveis.jpg","contentUrl":"https:\/\/dosserveis.com\/wp-content\/uploads\/2025\/02\/serveis.jpg","width":2000,"height":1325,"caption":"serveis"},{"@type":"BreadcrumbList","@id":"https:\/\/dosserveis.com\/es\/servicios\/#breadcrumb","itemListElement":[{"@type":"ListItem","position":1,"name":"Inici","item":"https:\/\/dosserveis.com\/es\/inicio\/"},{"@type":"ListItem","position":2,"name":"Servicios"}]},{"@type":"WebSite","@id":"https:\/\/dosserveis.com\/#website","url":"https:\/\/dosserveis.com\/","name":"Dos Serveis","description":"Empresa dedicada al servei de l\u2019hostaleria i al fred comercial amb m\u00e9s de 20 anys d\u2019experi\u00e8ncia. Dos Serveis\u00a0va ser fundada l\u2019any\u00a01994 per dos joves emprenedors que\u00a0acumulaven\u00a0anys de professionalitat\u00a0en altres\u00a0empreses del sector.\u00a0La nostra empresa va dirigida als comer\u00e7os hostalers, col\u00b7legis, resid\u00e8ncies, empreses i tot el que tingui relaci\u00f3\u00a0amb l\u2019hostaleria.","publisher":{"@id":"https:\/\/dosserveis.com\/#organization"},"potentialAction":[{"@type":"SearchAction","target":{"@type":"EntryPoint","urlTemplate":"https:\/\/dosserveis.com\/?s={search_term_string}"},"query-input":{"@type":"PropertyValueSpecification","valueRequired":true,"valueName":"search_term_string"}}],"inLanguage":"es"},{"@type":"Organization","@id":"https:\/\/dosserveis.com\/#organization","name":"Dos Serveis","url":"https:\/\/dosserveis.com\/","logo":{"@type":"ImageObject","inLanguage":"es","@id":"https:\/\/dosserveis.com\/#\/schema\/logo\/image\/","url":"https:\/\/dosserveis.com\/wp-content\/uploads\/2025\/02\/doserveis.png","contentUrl":"https:\/\/dosserveis.com\/wp-content\/uploads\/2025\/02\/doserveis.png","width":156,"height":132,"caption":"Dos Serveis"},"image":{"@id":"https:\/\/dosserveis.com\/#\/schema\/logo\/image\/"},"sameAs":["https:\/\/www.instagram.com\/dosserveisolot\/"]}]}},"_links":{"self":[{"href":"https:\/\/dosserveis.com\/es\/wp-json\/wp\/v2\/pages\/684","targetHints":{"allow":["GET"]}}],"collection":[{"href":"https:\/\/dosserveis.com\/es\/wp-json\/wp\/v2\/pages"}],"about":[{"href":"https:\/\/dosserveis.com\/es\/wp-json\/wp\/v2\/types\/page"}],"author":[{"embeddable":true,"href":"https:\/\/dosserveis.com\/es\/wp-json\/wp\/v2\/users\/1"}],"replies":[{"embeddable":true,"href":"https:\/\/dosserveis.com\/es\/wp-json\/wp\/v2\/comments?post=684"}],"version-history":[{"count":6,"href":"https:\/\/dosserveis.com\/es\/wp-json\/wp\/v2\/pages\/684\/revisions"}],"predecessor-version":[{"id":779,"href":"https:\/\/dosserveis.com\/es\/wp-json\/wp\/v2\/pages\/684\/revisions\/779"}],"wp:featuredmedia":[{"embeddable":true,"href":"https:\/\/dosserveis.com\/es\/wp-json\/wp\/v2\/media\/624"}],"wp:attachment":[{"href":"https:\/\/dosserveis.com\/es\/wp-json\/wp\/v2\/media?parent=684"}],"curies":[{"name":"wp","href":"https:\/\/api.w.org\/{rel}","templated":true}]}}